{"id":39653,"date":"2025-04-25T17:13:16","date_gmt":"2025-04-25T17:13:16","guid":{"rendered":"https:\/\/www.nocesitaliennes.fr\/portfolio\/louise-et-thomas\/"},"modified":"2025-06-30T16:39:47","modified_gmt":"2025-06-30T16:39:47","slug":"louise-et-thomas","status":"publish","type":"cpt_portfolio","link":"https:\/\/www.nocesitaliennes.fr\/fr\/mariage\/louise-et-thomas\/","title":{"rendered":"LOUISE ET THOMAS"},"content":{"rendered":"\n\t\t\t<!-- START Louise et Thomas REVOLUTION SLIDER 6.7.31 --><p class=\"rs-p-wp-fix\"><\/p>\n\t\t\t<rs-module-wrap id=\"rev_slider_14_1_wrapper\" data-source=\"gallery\" style=\"visibility:hidden;background:transparent;padding:0;margin:0px auto;margin-top:0;margin-bottom:0;\">\n\t\t\t\t<rs-module id=\"rev_slider_14_1\" style=\"\" data-version=\"6.7.31\">\n\t\t\t\t\t<rs-slides style=\"overflow: hidden; position: absolute;\">\n\t\t\t\t\t\t<rs-slide style=\"position: absolute;\" data-key=\"rs-128\" data-title=\"Pr\u00e9paration de mariage\" data-thumb=\"\/\/www.nocesitaliennes.fr\/wp-content\/uploads\/revslider\/WEDDING-Tomas-e-Lucy-_-weddingplanner-weddingday-destinationwedding-weddingphotographer-destinationweddingphotographer-MARI-GIACCARI-FOTOGRAFA-100.jpg\" data-anim=\"ms:600;\" data-in=\"o:0;\" data-out=\"a:false;\">\n\t\t\t\t\t\t\t<img decoding=\"async\" src=\"\/\/www.nocesitaliennes.fr\/wp-content\/plugins\/revslider\/sr6\/assets\/assets\/dummy.png\" alt=\"\" title=\"LOUISE ET THOMAS\" class=\"rev-slidebg tp-rs-img rs-lazyload\" data-lazyload=\"\/\/www.nocesitaliennes.fr\/wp-content\/uploads\/revslider\/WEDDING-Tomas-e-Lucy-_-weddingplanner-weddingday-destinationwedding-weddingphotographer-destinationweddingphotographer-MARI-GIACCARI-FOTOGRAFA-100.jpg\" data-no-retina>\n<!---->\t\t\t\t\t<\/rs-slide>\n\t\t\t\t\t\t<rs-slide style=\"position: absolute;\" data-key=\"rs-129\" data-title=\"Photo de mariage\" data-thumb=\"\/\/www.nocesitaliennes.fr\/wp-content\/uploads\/revslider\/WEDDING-Tomas-e-Lucy-_-weddingplanner-weddingday-destinationwedding-weddingphotographer-destinationweddingphotographer-MARI-GIACCARI-FOTOGRAFA-105.jpg\" data-anim=\"ms:600;\" data-in=\"o:0;\" data-out=\"a:false;\">\n\t\t\t\t\t\t\t<img decoding=\"async\" src=\"\/\/www.nocesitaliennes.fr\/wp-content\/plugins\/revslider\/sr6\/assets\/assets\/dummy.png\" alt=\"\" title=\"LOUISE ET THOMAS\" class=\"rev-slidebg tp-rs-img rs-lazyload\" data-lazyload=\"\/\/www.nocesitaliennes.fr\/wp-content\/uploads\/revslider\/WEDDING-Tomas-e-Lucy-_-weddingplanner-weddingday-destinationwedding-weddingphotographer-destinationweddingphotographer-MARI-GIACCARI-FOTOGRAFA-105.jpg\" data-no-retina>\n<!---->\t\t\t\t\t<\/rs-slide>\n\t\t\t\t\t\t<rs-slide style=\"position: absolute;\" data-key=\"rs-130\" data-title=\"Pr\u00e9paration de mariage\" data-thumb=\"\/\/www.nocesitaliennes.fr\/wp-content\/uploads\/revslider\/WEDDING-Tomas-e-Lucy-_-weddingplanner-weddingday-destinationwedding-weddingphotographer-destinationweddingphotographer-MARI-GIACCARI-FOTOGRAFA-107.jpg\" data-anim=\"ms:600;\" data-in=\"o:0;\" data-out=\"a:false;\">\n\t\t\t\t\t\t\t<img decoding=\"async\" src=\"\/\/www.nocesitaliennes.fr\/wp-content\/plugins\/revslider\/sr6\/assets\/assets\/dummy.png\" alt=\"\" title=\"LOUISE ET THOMAS\" class=\"rev-slidebg tp-rs-img rs-lazyload\" data-lazyload=\"\/\/www.nocesitaliennes.fr\/wp-content\/uploads\/revslider\/WEDDING-Tomas-e-Lucy-_-weddingplanner-weddingday-destinationwedding-weddingphotographer-destinationweddingphotographer-MARI-GIACCARI-FOTOGRAFA-107.jpg\" data-no-retina>\n<!---->\t\t\t\t\t<\/rs-slide>\n\t\t\t\t\t\t<rs-slide style=\"position: absolute;\" data-key=\"rs-131\" data-title=\"Photo de mariage\" data-thumb=\"\/\/www.nocesitaliennes.fr\/wp-content\/uploads\/revslider\/WEDDING-Tomas-e-Lucy-_-weddingplanner-weddingday-destinationwedding-weddingphotographer-destinationweddingphotographer-MARI-GIACCARI-FOTOGRAFA-116.jpg\" data-anim=\"ms:600;\" data-in=\"o:0;\" data-out=\"a:false;\">\n\t\t\t\t\t\t\t<img decoding=\"async\" src=\"\/\/www.nocesitaliennes.fr\/wp-content\/plugins\/revslider\/sr6\/assets\/assets\/dummy.png\" alt=\"\" title=\"LOUISE ET THOMAS\" class=\"rev-slidebg tp-rs-img rs-lazyload\" data-lazyload=\"\/\/www.nocesitaliennes.fr\/wp-content\/uploads\/revslider\/WEDDING-Tomas-e-Lucy-_-weddingplanner-weddingday-destinationwedding-weddingphotographer-destinationweddingphotographer-MARI-GIACCARI-FOTOGRAFA-116.jpg\" data-no-retina>\n<!---->\t\t\t\t\t<\/rs-slide>\n\t\t\t\t\t\t<rs-slide style=\"position: absolute;\" data-key=\"rs-132\" data-title=\"Photo de mariage\" data-thumb=\"\/\/www.nocesitaliennes.fr\/wp-content\/uploads\/revslider\/WEDDING-Tomas-e-Lucy-_-weddingplanner-weddingday-destinationwedding-weddingphotographer-destinationweddingphotographer-MARI-GIACCARI-FOTOGRAFA-121.jpg\" data-anim=\"ms:600;\" data-in=\"o:0;\" data-out=\"a:false;\">\n\t\t\t\t\t\t\t<img decoding=\"async\" src=\"\/\/www.nocesitaliennes.fr\/wp-content\/plugins\/revslider\/sr6\/assets\/assets\/dummy.png\" alt=\"\" title=\"LOUISE ET THOMAS\" class=\"rev-slidebg tp-rs-img rs-lazyload\" data-lazyload=\"\/\/www.nocesitaliennes.fr\/wp-content\/uploads\/revslider\/WEDDING-Tomas-e-Lucy-_-weddingplanner-weddingday-destinationwedding-weddingphotographer-destinationweddingphotographer-MARI-GIACCARI-FOTOGRAFA-121.jpg\" data-no-retina>\n<!---->\t\t\t\t\t<\/rs-slide>\n\t\t\t\t\t\t<rs-slide style=\"position: absolute;\" data-key=\"rs-133\" data-title=\"Alliances de mariage\" data-thumb=\"\/\/www.nocesitaliennes.fr\/wp-content\/uploads\/revslider\/WEDDING-Tomas-e-Lucy-_-weddingplanner-weddingday-destinationwedding-weddingphotographer-destinationweddingphotographer-MARI-GIACCARI-FOTOGRAFA-124.jpg\" data-anim=\"ms:600;\" data-in=\"o:0;\" data-out=\"a:false;\">\n\t\t\t\t\t\t\t<img decoding=\"async\" src=\"\/\/www.nocesitaliennes.fr\/wp-content\/plugins\/revslider\/sr6\/assets\/assets\/dummy.png\" alt=\"\" title=\"LOUISE ET THOMAS\" class=\"rev-slidebg tp-rs-img rs-lazyload\" data-lazyload=\"\/\/www.nocesitaliennes.fr\/wp-content\/uploads\/revslider\/WEDDING-Tomas-e-Lucy-_-weddingplanner-weddingday-destinationwedding-weddingphotographer-destinationweddingphotographer-MARI-GIACCARI-FOTOGRAFA-124.jpg\" data-no-retina>\n<!---->\t\t\t\t\t<\/rs-slide>\n\t\t\t\t\t\t<rs-slide style=\"position: absolute;\" data-key=\"rs-134\" data-title=\"C\u00e9r\u00e9monie religieuse\" data-thumb=\"\/\/www.nocesitaliennes.fr\/wp-content\/uploads\/revslider\/WEDDING-Tomas-e-Lucy-_-weddingplanner-weddingday-destinationwedding-weddingphotographer-destinationweddingphotographer-MARI-GIACCARI-FOTOGRAFA-128.jpg\" data-anim=\"ms:600;\" data-in=\"o:0;\" data-out=\"a:false;\">\n\t\t\t\t\t\t\t<img decoding=\"async\" src=\"\/\/www.nocesitaliennes.fr\/wp-content\/plugins\/revslider\/sr6\/assets\/assets\/dummy.png\" alt=\"\" title=\"LOUISE ET THOMAS\" class=\"rev-slidebg tp-rs-img rs-lazyload\" data-lazyload=\"\/\/www.nocesitaliennes.fr\/wp-content\/uploads\/revslider\/WEDDING-Tomas-e-Lucy-_-weddingplanner-weddingday-destinationwedding-weddingphotographer-destinationweddingphotographer-MARI-GIACCARI-FOTOGRAFA-128.jpg\" data-no-retina>\n<!---->\t\t\t\t\t<\/rs-slide>\n\t\t\t\t\t\t<rs-slide style=\"position: absolute;\" data-key=\"rs-135\" data-title=\"Alliances de mariage\" data-thumb=\"\/\/www.nocesitaliennes.fr\/wp-content\/uploads\/revslider\/WEDDING-Tomas-e-Lucy-_-weddingplanner-weddingday-destinationwedding-weddingphotographer-destinationweddingphotographer-MARI-GIACCARI-FOTOGRAFA-125.jpg\" data-anim=\"ms:600;\" data-in=\"o:0;\" data-out=\"a:false;\">\n\t\t\t\t\t\t\t<img decoding=\"async\" src=\"\/\/www.nocesitaliennes.fr\/wp-content\/plugins\/revslider\/sr6\/assets\/assets\/dummy.png\" alt=\"\" title=\"LOUISE ET THOMAS\" class=\"rev-slidebg tp-rs-img rs-lazyload\" data-lazyload=\"\/\/www.nocesitaliennes.fr\/wp-content\/uploads\/revslider\/WEDDING-Tomas-e-Lucy-_-weddingplanner-weddingday-destinationwedding-weddingphotographer-destinationweddingphotographer-MARI-GIACCARI-FOTOGRAFA-125.jpg\" data-no-retina>\n<!---->\t\t\t\t\t<\/rs-slide>\n\t\t\t\t\t\t<rs-slide style=\"position: absolute;\" data-key=\"rs-136\" data-title=\"C\u00e9r\u00e9monie religieuse\" data-thumb=\"\/\/www.nocesitaliennes.fr\/wp-content\/uploads\/revslider\/WEDDING-Tomas-e-Lucy-_-weddingplanner-weddingday-destinationwedding-weddingphotographer-destinationweddingphotographer-MARI-GIACCARI-FOTOGRAFA-131.jpg\" data-anim=\"ms:600;\" data-in=\"o:0;\" data-out=\"a:false;\">\n\t\t\t\t\t\t\t<img decoding=\"async\" src=\"\/\/www.nocesitaliennes.fr\/wp-content\/plugins\/revslider\/sr6\/assets\/assets\/dummy.png\" alt=\"\" title=\"LOUISE ET THOMAS\" class=\"rev-slidebg tp-rs-img rs-lazyload\" data-lazyload=\"\/\/www.nocesitaliennes.fr\/wp-content\/uploads\/revslider\/WEDDING-Tomas-e-Lucy-_-weddingplanner-weddingday-destinationwedding-weddingphotographer-destinationweddingphotographer-MARI-GIACCARI-FOTOGRAFA-131.jpg\" data-no-retina>\n<!---->\t\t\t\t\t<\/rs-slide>\n\t\t\t\t\t\t<rs-slide style=\"position: absolute;\" data-key=\"rs-137\" data-title=\"Les mari\u00e9s\" data-thumb=\"\/\/www.nocesitaliennes.fr\/wp-content\/uploads\/revslider\/WEDDING-Tomas-e-Lucy-_-weddingplanner-weddingday-destinationwedding-weddingphotographer-destinationweddingphotographer-MARI-GIACCARI-FOTOGRAFA-133.jpg\" data-anim=\"ms:600;\" data-in=\"o:0;\" data-out=\"a:false;\">\n\t\t\t\t\t\t\t<img decoding=\"async\" src=\"\/\/www.nocesitaliennes.fr\/wp-content\/plugins\/revslider\/sr6\/assets\/assets\/dummy.png\" alt=\"\" title=\"LOUISE ET THOMAS\" class=\"rev-slidebg tp-rs-img rs-lazyload\" data-lazyload=\"\/\/www.nocesitaliennes.fr\/wp-content\/uploads\/revslider\/WEDDING-Tomas-e-Lucy-_-weddingplanner-weddingday-destinationwedding-weddingphotographer-destinationweddingphotographer-MARI-GIACCARI-FOTOGRAFA-133.jpg\" data-no-retina>\n<!---->\t\t\t\t\t<\/rs-slide>\n\t\t\t\t\t\t<rs-slide style=\"position: absolute;\" data-key=\"rs-138\" data-title=\"Les mari\u00e9s\" data-thumb=\"\/\/www.nocesitaliennes.fr\/wp-content\/uploads\/2025\/04\/WEDDING-Tomas-e-Lucy-_-weddingplanner-weddingday-destinationwedding-weddingphotographer-destinationweddingphotographer-MARI-GIACCARI-FOTOGRAFA-134.jpg\" data-anim=\"ms:600;\" data-in=\"o:0;\" data-out=\"a:false;\">\n\t\t\t\t\t\t\t<img decoding=\"async\" src=\"\/\/www.nocesitaliennes.fr\/wp-content\/plugins\/revslider\/sr6\/assets\/assets\/dummy.png\" alt=\"\" title=\"LOUISE ET THOMAS\" class=\"rev-slidebg tp-rs-img rs-lazyload\" data-lazyload=\"\/\/www.nocesitaliennes.fr\/wp-content\/uploads\/2025\/04\/WEDDING-Tomas-e-Lucy-_-weddingplanner-weddingday-destinationwedding-weddingphotographer-destinationweddingphotographer-MARI-GIACCARI-FOTOGRAFA-134.jpg\" data-no-retina>\n<!---->\t\t\t\t\t<\/rs-slide>\n\t\t\t\t\t\t<rs-slide style=\"position: absolute;\" data-key=\"rs-139\" data-title=\"Photo de mariage\" data-thumb=\"\/\/www.nocesitaliennes.fr\/wp-content\/uploads\/revslider\/WEDDING-Tomas-e-Lucy-_-weddingplanner-weddingday-destinationwedding-weddingphotographer-destinationweddingphotographer-MARI-GIACCARI-FOTOGRAFA-138.jpg\" data-anim=\"ms:600;\" data-in=\"o:0;\" data-out=\"a:false;\">\n\t\t\t\t\t\t\t<img decoding=\"async\" src=\"\/\/www.nocesitaliennes.fr\/wp-content\/plugins\/revslider\/sr6\/assets\/assets\/dummy.png\" alt=\"\" title=\"LOUISE ET THOMAS\" class=\"rev-slidebg tp-rs-img rs-lazyload\" data-lazyload=\"\/\/www.nocesitaliennes.fr\/wp-content\/uploads\/revslider\/WEDDING-Tomas-e-Lucy-_-weddingplanner-weddingday-destinationwedding-weddingphotographer-destinationweddingphotographer-MARI-GIACCARI-FOTOGRAFA-138.jpg\" data-no-retina>\n<!---->\t\t\t\t\t<\/rs-slide>\n\t\t\t\t\t\t<rs-slide style=\"position: absolute;\" data-key=\"rs-140\" data-title=\"Photo de mariage\" data-thumb=\"\/\/www.nocesitaliennes.fr\/wp-content\/uploads\/revslider\/WEDDING-Tomas-e-Lucy-_-weddingplanner-weddingday-destinationwedding-weddingphotographer-destinationweddingphotographer-MARI-GIACCARI-FOTOGRAFA-140.jpg\" data-anim=\"ms:600;\" data-in=\"o:0;\" data-out=\"a:false;\">\n\t\t\t\t\t\t\t<img decoding=\"async\" src=\"\/\/www.nocesitaliennes.fr\/wp-content\/plugins\/revslider\/sr6\/assets\/assets\/dummy.png\" alt=\"\" title=\"LOUISE ET THOMAS\" class=\"rev-slidebg tp-rs-img rs-lazyload\" data-lazyload=\"\/\/www.nocesitaliennes.fr\/wp-content\/uploads\/revslider\/WEDDING-Tomas-e-Lucy-_-weddingplanner-weddingday-destinationwedding-weddingphotographer-destinationweddingphotographer-MARI-GIACCARI-FOTOGRAFA-140.jpg\" data-no-retina>\n<!---->\t\t\t\t\t<\/rs-slide>\n\t\t\t\t\t\t<rs-slide style=\"position: absolute;\" data-key=\"rs-141\" data-title=\"Photo de mariage\" data-thumb=\"\/\/www.nocesitaliennes.fr\/wp-content\/uploads\/revslider\/WEDDING-Tomas-e-Lucy-_-weddingplanner-weddingday-destinationwedding-weddingphotographer-destinationweddingphotographer-MARI-GIACCARI-FOTOGRAFA-141.jpg\" data-anim=\"ms:600;\" data-in=\"o:0;\" data-out=\"a:false;\">\n\t\t\t\t\t\t\t<img decoding=\"async\" src=\"\/\/www.nocesitaliennes.fr\/wp-content\/plugins\/revslider\/sr6\/assets\/assets\/dummy.png\" alt=\"\" title=\"LOUISE ET THOMAS\" class=\"rev-slidebg tp-rs-img rs-lazyload\" data-lazyload=\"\/\/www.nocesitaliennes.fr\/wp-content\/uploads\/revslider\/WEDDING-Tomas-e-Lucy-_-weddingplanner-weddingday-destinationwedding-weddingphotographer-destinationweddingphotographer-MARI-GIACCARI-FOTOGRAFA-141.jpg\" data-no-retina>\n<!---->\t\t\t\t\t<\/rs-slide>\n\t\t\t\t\t\t<rs-slide style=\"position: absolute;\" data-key=\"rs-142\" data-title=\"C\u00e9l\u00e9bration\" data-thumb=\"\/\/www.nocesitaliennes.fr\/wp-content\/uploads\/revslider\/WEDDING-Tomas-e-Lucy-_-weddingplanner-weddingday-destinationwedding-weddingphotographer-destinationweddingphotographer-MARI-GIACCARI-FOTOGRAFA-147.jpg\" data-anim=\"ms:600;\" data-in=\"o:0;\" data-out=\"a:false;\">\n\t\t\t\t\t\t\t<img decoding=\"async\" src=\"\/\/www.nocesitaliennes.fr\/wp-content\/plugins\/revslider\/sr6\/assets\/assets\/dummy.png\" alt=\"\" title=\"LOUISE ET THOMAS\" class=\"rev-slidebg tp-rs-img rs-lazyload\" data-lazyload=\"\/\/www.nocesitaliennes.fr\/wp-content\/uploads\/revslider\/WEDDING-Tomas-e-Lucy-_-weddingplanner-weddingday-destinationwedding-weddingphotographer-destinationweddingphotographer-MARI-GIACCARI-FOTOGRAFA-147.jpg\" data-no-retina>\n<!---->\t\t\t\t\t<\/rs-slide>\n\t\t\t\t\t\t<rs-slide style=\"position: absolute;\" data-key=\"rs-143\" data-title=\"G\u00e2teau de mariage\" data-thumb=\"\/\/www.nocesitaliennes.fr\/wp-content\/uploads\/revslider\/WEDDING-Tomas-e-Lucy-_-weddingplanner-weddingday-destinationwedding-weddingphotographer-destinationweddingphotographer-MARI-GIACCARI-FOTOGRAFA-148.jpg\" data-anim=\"ms:600;\" data-in=\"o:0;\" data-out=\"a:false;\">\n\t\t\t\t\t\t\t<img decoding=\"async\" src=\"\/\/www.nocesitaliennes.fr\/wp-content\/plugins\/revslider\/sr6\/assets\/assets\/dummy.png\" alt=\"\" title=\"LOUISE ET THOMAS\" class=\"rev-slidebg tp-rs-img rs-lazyload\" data-lazyload=\"\/\/www.nocesitaliennes.fr\/wp-content\/uploads\/revslider\/WEDDING-Tomas-e-Lucy-_-weddingplanner-weddingday-destinationwedding-weddingphotographer-destinationweddingphotographer-MARI-GIACCARI-FOTOGRAFA-148.jpg\" data-no-retina>\n<!---->\t\t\t\t\t<\/rs-slide>\n\t\t\t\t\t<\/rs-slides>\n\t\t\t\t<\/rs-module>\n\t\t\t\t<script>\n\t\t\t\t\tsetREVStartSize({c: 'rev_slider_14_1',rl:[1240,1460,785,480],el:[],gw:[1240],gh:[868],type:'standard',justify:'',layout:'fullwidth',mh:\"0\"});if (window.RS_MODULES!==undefined && window.RS_MODULES.modules!==undefined && window.RS_MODULES.modules[\"revslider141\"]!==undefined) {window.RS_MODULES.modules[\"revslider141\"].once = false;window.revapi14 = undefined;if (window.RS_MODULES.checkMinimal!==undefined) window.RS_MODULES.checkMinimal()}\n\t\t\t\t<\/script>\n\t\t\t<\/rs-module-wrap>\n\t\t\t<!-- END REVOLUTION SLIDER -->\n\n<p>Louise et Thomas Louise et Thomas se sont dis oui dans un magnifique d\u00e9cor typique des Pouilles. Leur c\u00e9r\u00e9monie religieuse aussi \u00e9mouvante que jolie a \u00e9t\u00e9 c\u00e9l\u00e9br\u00e9e en fran\u00e7ais par un pr\u00eatre de la r\u00e9gion. Les invit\u00e9s ont ensuite rejoint la masseria \u00e0 bord d&rsquo;une navette sp\u00e9cialement r\u00e9serv\u00e9e pour l&rsquo;occasion. Le cocktail de bienvenue s\u2019est d\u00e9roul\u00e9 dans la cour de cette magnifique b\u00e2tisse du XVIIe si\u00e8cle. Le buffet \u00e0 l&rsquo;italienne install\u00e9 au milieu d&rsquo;une oliveraie mill\u00e9naire a permi de faire d\u00e9couvrir l&rsquo;excellence de la gastronomie du sud. Enfin, la f\u00eate s&rsquo;est poursuivie en bord de piscine entre photobooth am\u00e9nag\u00e9 et DJ set enflamm\u00e9. Le lendemain, notre couple a retrouv\u00e9 ses invit\u00e9s pour un brunch d\u00e9contract\u00e9 en fin de matin\u00e9e et une pizza party conviviale en soir\u00e9e sur la terrasse de la masseria.<\/p>\n","protected":false},"excerpt":{"rendered":"<p>Au coeur de la dolce vita du sud<\/p>\n","protected":false},"author":3,"featured_media":35860,"comment_status":"closed","ping_status":"closed","template":"","cpt_portfolio_group":[388],"class_list":["post-39653","cpt_portfolio","type-cpt_portfolio","status-publish","has-post-thumbnail","hentry","cpt_portfolio_group-portfolio-mariage-masseria"],"acf":[],"yoast_head":"<!-- This site is optimized with the Yoast SEO plugin v27.5 - https:\/\/yoast.com\/product\/yoast-seo-wordpress\/ -->\n<title>LOUISE ET THOMAS | Noces Italiennes<\/title>\n<meta name=\"robots\" content=\"index, follow, max-snippet:-1, max-image-preview:large, max-video-preview:-1\" \/>\n<link rel=\"canonical\" href=\"https:\/\/www.nocesitaliennes.fr\/fr\/mariage\/louise-et-thomas\/\" \/>\n<meta property=\"og:locale\" content=\"fr_FR\" \/>\n<meta property=\"og:type\" content=\"article\" \/>\n<meta property=\"og:title\" content=\"LOUISE ET THOMAS | Noces Italiennes\" \/>\n<meta property=\"og:description\" content=\"Au coeur de la dolce vita du sud\" \/>\n<meta property=\"og:url\" content=\"https:\/\/www.nocesitaliennes.fr\/fr\/mariage\/louise-et-thomas\/\" \/>\n<meta property=\"og:site_name\" content=\"Noces Italiennes\" \/>\n<meta property=\"article:modified_time\" content=\"2025-06-30T16:39:47+00:00\" \/>\n<meta property=\"og:image\" content=\"https:\/\/www.nocesitaliennes.fr\/wp-content\/uploads\/2025\/04\/WEDDING-Tomas-e-Lucy-_-weddingplanner-weddingday-destinationwedding-weddingphotographer-destinationweddingphotographer-MARI-GIACCARI-FOTOGRAFA-134.jpg\" \/>\n\t<meta property=\"og:image:width\" content=\"1200\" \/>\n\t<meta property=\"og:image:height\" content=\"800\" \/>\n\t<meta property=\"og:image:type\" content=\"image\/jpeg\" \/>\n<meta name=\"twitter:card\" content=\"summary_large_image\" \/>\n<meta name=\"twitter:label1\" content=\"Dur\u00e9e de lecture estim\u00e9e\" \/>\n\t<meta name=\"twitter:data1\" content=\"1 minute\" \/>\n<script type=\"application\/ld+json\" class=\"yoast-schema-graph\">{\"@context\":\"https:\\\/\\\/schema.org\",\"@graph\":[{\"@type\":\"WebPage\",\"@id\":\"https:\\\/\\\/www.nocesitaliennes.fr\\\/fr\\\/mariage\\\/louise-et-thomas\\\/\",\"url\":\"https:\\\/\\\/www.nocesitaliennes.fr\\\/fr\\\/mariage\\\/louise-et-thomas\\\/\",\"name\":\"LOUISE ET THOMAS | Noces Italiennes\",\"isPartOf\":{\"@id\":\"https:\\\/\\\/www.nocesitaliennes.fr\\\/fr\\\/#website\"},\"primaryImageOfPage\":{\"@id\":\"https:\\\/\\\/www.nocesitaliennes.fr\\\/fr\\\/mariage\\\/louise-et-thomas\\\/#primaryimage\"},\"image\":{\"@id\":\"https:\\\/\\\/www.nocesitaliennes.fr\\\/fr\\\/mariage\\\/louise-et-thomas\\\/#primaryimage\"},\"thumbnailUrl\":\"https:\\\/\\\/www.nocesitaliennes.fr\\\/wp-content\\\/uploads\\\/2025\\\/04\\\/WEDDING-Tomas-e-Lucy-_-weddingplanner-weddingday-destinationwedding-weddingphotographer-destinationweddingphotographer-MARI-GIACCARI-FOTOGRAFA-134.jpg\",\"datePublished\":\"2025-04-25T17:13:16+00:00\",\"dateModified\":\"2025-06-30T16:39:47+00:00\",\"breadcrumb\":{\"@id\":\"https:\\\/\\\/www.nocesitaliennes.fr\\\/fr\\\/mariage\\\/louise-et-thomas\\\/#breadcrumb\"},\"inLanguage\":\"fr-FR\",\"potentialAction\":[{\"@type\":\"ReadAction\",\"target\":[\"https:\\\/\\\/www.nocesitaliennes.fr\\\/fr\\\/mariage\\\/louise-et-thomas\\\/\"]}]},{\"@type\":\"ImageObject\",\"inLanguage\":\"fr-FR\",\"@id\":\"https:\\\/\\\/www.nocesitaliennes.fr\\\/fr\\\/mariage\\\/louise-et-thomas\\\/#primaryimage\",\"url\":\"https:\\\/\\\/www.nocesitaliennes.fr\\\/wp-content\\\/uploads\\\/2025\\\/04\\\/WEDDING-Tomas-e-Lucy-_-weddingplanner-weddingday-destinationwedding-weddingphotographer-destinationweddingphotographer-MARI-GIACCARI-FOTOGRAFA-134.jpg\",\"contentUrl\":\"https:\\\/\\\/www.nocesitaliennes.fr\\\/wp-content\\\/uploads\\\/2025\\\/04\\\/WEDDING-Tomas-e-Lucy-_-weddingplanner-weddingday-destinationwedding-weddingphotographer-destinationweddingphotographer-MARI-GIACCARI-FOTOGRAFA-134.jpg\",\"width\":1200,\"height\":800},{\"@type\":\"BreadcrumbList\",\"@id\":\"https:\\\/\\\/www.nocesitaliennes.fr\\\/fr\\\/mariage\\\/louise-et-thomas\\\/#breadcrumb\",\"itemListElement\":[{\"@type\":\"ListItem\",\"position\":1,\"name\":\"Home\",\"item\":\"https:\\\/\\\/www.nocesitaliennes.fr\\\/fr\\\/\"},{\"@type\":\"ListItem\",\"position\":2,\"name\":\"Portfolio\",\"item\":\"https:\\\/\\\/www.nocesitaliennes.fr\\\/fr\\\/mariage\\\/\"},{\"@type\":\"ListItem\",\"position\":3,\"name\":\"LOUISE ET THOMAS\"}]},{\"@type\":\"WebSite\",\"@id\":\"https:\\\/\\\/www.nocesitaliennes.fr\\\/fr\\\/#website\",\"url\":\"https:\\\/\\\/www.nocesitaliennes.fr\\\/fr\\\/\",\"name\":\"Noces Italiennes\",\"description\":\"Organisation de mariages en Italie et en Corse\",\"publisher\":{\"@id\":\"https:\\\/\\\/www.nocesitaliennes.fr\\\/fr\\\/#organization\"},\"potentialAction\":[{\"@type\":\"SearchAction\",\"target\":{\"@type\":\"EntryPoint\",\"urlTemplate\":\"https:\\\/\\\/www.nocesitaliennes.fr\\\/fr\\\/?s={search_term_string}\"},\"query-input\":{\"@type\":\"PropertyValueSpecification\",\"valueRequired\":true,\"valueName\":\"search_term_string\"}}],\"inLanguage\":\"fr-FR\"},{\"@type\":\"Organization\",\"@id\":\"https:\\\/\\\/www.nocesitaliennes.fr\\\/fr\\\/#organization\",\"name\":\"Noces Italiennes\",\"url\":\"https:\\\/\\\/www.nocesitaliennes.fr\\\/fr\\\/\",\"logo\":{\"@type\":\"ImageObject\",\"inLanguage\":\"fr-FR\",\"@id\":\"https:\\\/\\\/www.nocesitaliennes.fr\\\/fr\\\/#\\\/schema\\\/logo\\\/image\\\/\",\"url\":\"https:\\\/\\\/www.nocesitaliennes.fr\\\/wp-content\\\/uploads\\\/2023\\\/05\\\/noces_italiennes_logo.svg\",\"contentUrl\":\"https:\\\/\\\/www.nocesitaliennes.fr\\\/wp-content\\\/uploads\\\/2023\\\/05\\\/noces_italiennes_logo.svg\",\"width\":418,\"height\":110,\"caption\":\"Noces Italiennes\"},\"image\":{\"@id\":\"https:\\\/\\\/www.nocesitaliennes.fr\\\/fr\\\/#\\\/schema\\\/logo\\\/image\\\/\"}}]}<\/script>\n<!-- \/ Yoast SEO plugin. -->","yoast_head_json":{"title":"LOUISE ET THOMAS | Noces Italiennes","robots":{"index":"index","follow":"follow","max-snippet":"max-snippet:-1","max-image-preview":"max-image-preview:large","max-video-preview":"max-video-preview:-1"},"canonical":"https:\/\/www.nocesitaliennes.fr\/fr\/mariage\/louise-et-thomas\/","og_locale":"fr_FR","og_type":"article","og_title":"LOUISE ET THOMAS | Noces Italiennes","og_description":"Au coeur de la dolce vita du sud","og_url":"https:\/\/www.nocesitaliennes.fr\/fr\/mariage\/louise-et-thomas\/","og_site_name":"Noces Italiennes","article_modified_time":"2025-06-30T16:39:47+00:00","og_image":[{"width":1200,"height":800,"url":"https:\/\/www.nocesitaliennes.fr\/wp-content\/uploads\/2025\/04\/WEDDING-Tomas-e-Lucy-_-weddingplanner-weddingday-destinationwedding-weddingphotographer-destinationweddingphotographer-MARI-GIACCARI-FOTOGRAFA-134.jpg","type":"image\/jpeg"}],"twitter_card":"summary_large_image","twitter_misc":{"Dur\u00e9e de lecture estim\u00e9e":"1 minute"},"schema":{"@context":"https:\/\/schema.org","@graph":[{"@type":"WebPage","@id":"https:\/\/www.nocesitaliennes.fr\/fr\/mariage\/louise-et-thomas\/","url":"https:\/\/www.nocesitaliennes.fr\/fr\/mariage\/louise-et-thomas\/","name":"LOUISE ET THOMAS | Noces Italiennes","isPartOf":{"@id":"https:\/\/www.nocesitaliennes.fr\/fr\/#website"},"primaryImageOfPage":{"@id":"https:\/\/www.nocesitaliennes.fr\/fr\/mariage\/louise-et-thomas\/#primaryimage"},"image":{"@id":"https:\/\/www.nocesitaliennes.fr\/fr\/mariage\/louise-et-thomas\/#primaryimage"},"thumbnailUrl":"https:\/\/www.nocesitaliennes.fr\/wp-content\/uploads\/2025\/04\/WEDDING-Tomas-e-Lucy-_-weddingplanner-weddingday-destinationwedding-weddingphotographer-destinationweddingphotographer-MARI-GIACCARI-FOTOGRAFA-134.jpg","datePublished":"2025-04-25T17:13:16+00:00","dateModified":"2025-06-30T16:39:47+00:00","breadcrumb":{"@id":"https:\/\/www.nocesitaliennes.fr\/fr\/mariage\/louise-et-thomas\/#breadcrumb"},"inLanguage":"fr-FR","potentialAction":[{"@type":"ReadAction","target":["https:\/\/www.nocesitaliennes.fr\/fr\/mariage\/louise-et-thomas\/"]}]},{"@type":"ImageObject","inLanguage":"fr-FR","@id":"https:\/\/www.nocesitaliennes.fr\/fr\/mariage\/louise-et-thomas\/#primaryimage","url":"https:\/\/www.nocesitaliennes.fr\/wp-content\/uploads\/2025\/04\/WEDDING-Tomas-e-Lucy-_-weddingplanner-weddingday-destinationwedding-weddingphotographer-destinationweddingphotographer-MARI-GIACCARI-FOTOGRAFA-134.jpg","contentUrl":"https:\/\/www.nocesitaliennes.fr\/wp-content\/uploads\/2025\/04\/WEDDING-Tomas-e-Lucy-_-weddingplanner-weddingday-destinationwedding-weddingphotographer-destinationweddingphotographer-MARI-GIACCARI-FOTOGRAFA-134.jpg","width":1200,"height":800},{"@type":"BreadcrumbList","@id":"https:\/\/www.nocesitaliennes.fr\/fr\/mariage\/louise-et-thomas\/#breadcrumb","itemListElement":[{"@type":"ListItem","position":1,"name":"Home","item":"https:\/\/www.nocesitaliennes.fr\/fr\/"},{"@type":"ListItem","position":2,"name":"Portfolio","item":"https:\/\/www.nocesitaliennes.fr\/fr\/mariage\/"},{"@type":"ListItem","position":3,"name":"LOUISE ET THOMAS"}]},{"@type":"WebSite","@id":"https:\/\/www.nocesitaliennes.fr\/fr\/#website","url":"https:\/\/www.nocesitaliennes.fr\/fr\/","name":"Noces Italiennes","description":"Organisation de mariages en Italie et en Corse","publisher":{"@id":"https:\/\/www.nocesitaliennes.fr\/fr\/#organization"},"potentialAction":[{"@type":"SearchAction","target":{"@type":"EntryPoint","urlTemplate":"https:\/\/www.nocesitaliennes.fr\/fr\/?s={search_term_string}"},"query-input":{"@type":"PropertyValueSpecification","valueRequired":true,"valueName":"search_term_string"}}],"inLanguage":"fr-FR"},{"@type":"Organization","@id":"https:\/\/www.nocesitaliennes.fr\/fr\/#organization","name":"Noces Italiennes","url":"https:\/\/www.nocesitaliennes.fr\/fr\/","logo":{"@type":"ImageObject","inLanguage":"fr-FR","@id":"https:\/\/www.nocesitaliennes.fr\/fr\/#\/schema\/logo\/image\/","url":"https:\/\/www.nocesitaliennes.fr\/wp-content\/uploads\/2023\/05\/noces_italiennes_logo.svg","contentUrl":"https:\/\/www.nocesitaliennes.fr\/wp-content\/uploads\/2023\/05\/noces_italiennes_logo.svg","width":418,"height":110,"caption":"Noces Italiennes"},"image":{"@id":"https:\/\/www.nocesitaliennes.fr\/fr\/#\/schema\/logo\/image\/"}}]}},"_links":{"self":[{"href":"https:\/\/www.nocesitaliennes.fr\/fr\/wp-json\/wp\/v2\/cpt_portfolio\/39653","targetHints":{"allow":["GET"]}}],"collection":[{"href":"https:\/\/www.nocesitaliennes.fr\/fr\/wp-json\/wp\/v2\/cpt_portfolio"}],"about":[{"href":"https:\/\/www.nocesitaliennes.fr\/fr\/wp-json\/wp\/v2\/types\/cpt_portfolio"}],"author":[{"embeddable":true,"href":"https:\/\/www.nocesitaliennes.fr\/fr\/wp-json\/wp\/v2\/users\/3"}],"replies":[{"embeddable":true,"href":"https:\/\/www.nocesitaliennes.fr\/fr\/wp-json\/wp\/v2\/comments?post=39653"}],"version-history":[{"count":1,"href":"https:\/\/www.nocesitaliennes.fr\/fr\/wp-json\/wp\/v2\/cpt_portfolio\/39653\/revisions"}],"predecessor-version":[{"id":41476,"href":"https:\/\/www.nocesitaliennes.fr\/fr\/wp-json\/wp\/v2\/cpt_portfolio\/39653\/revisions\/41476"}],"wp:featuredmedia":[{"embeddable":true,"href":"https:\/\/www.nocesitaliennes.fr\/fr\/wp-json\/wp\/v2\/media\/35860"}],"wp:attachment":[{"href":"https:\/\/www.nocesitaliennes.fr\/fr\/wp-json\/wp\/v2\/media?parent=39653"}],"wp:term":[{"taxonomy":"cpt_portfolio_group","embeddable":true,"href":"https:\/\/www.nocesitaliennes.fr\/fr\/wp-json\/wp\/v2\/cpt_portfolio_group?post=39653"}],"curies":[{"name":"wp","href":"https:\/\/api.w.org\/{rel}","templated":true}]}}