{"id":39646,"date":"2025-04-25T17:13:16","date_gmt":"2025-04-25T17:13:16","guid":{"rendered":"https:\/\/www.nocesitaliennes.fr\/portfolio\/alienor-et-pascal\/"},"modified":"2025-06-30T16:39:47","modified_gmt":"2025-06-30T16:39:47","slug":"alienor-pascal","status":"publish","type":"cpt_portfolio","link":"https:\/\/www.nocesitaliennes.fr\/fr\/mariage\/alienor-pascal\/","title":{"rendered":"ALI\u00c9NOR ET PASCAL"},"content":{"rendered":"\n\t\t\t<!-- START Ali\u00e9nor et Pascal REVOLUTION SLIDER 6.7.31 --><p class=\"rs-p-wp-fix\"><\/p>\n\t\t\t<rs-module-wrap id=\"rev_slider_21_1_wrapper\" data-source=\"gallery\" style=\"visibility:hidden;background:transparent;padding:0;margin:0px auto;margin-top:0;margin-bottom:0;\">\n\t\t\t\t<rs-module id=\"rev_slider_21_1\" style=\"\" data-version=\"6.7.31\">\n\t\t\t\t\t<rs-slides style=\"overflow: hidden; position: absolute;\">\n\t\t\t\t\t\t<rs-slide style=\"position: absolute;\" data-key=\"rs-270\" data-title=\"Lieu de mariage en Italie\" data-thumb=\"\/\/www.nocesitaliennes.fr\/wp-content\/uploads\/revslider\/Noces-Italiennes-Wedding-Planner.jpg\" data-anim=\"ms:600;\" data-in=\"o:0;\" data-out=\"a:false;\">\n\t\t\t\t\t\t\t<img decoding=\"async\" src=\"\/\/www.nocesitaliennes.fr\/wp-content\/plugins\/revslider\/sr6\/assets\/assets\/dummy.png\" alt=\"\" title=\"ALI\u00c9NOR ET PASCAL\" class=\"rev-slidebg tp-rs-img rs-lazyload\" data-lazyload=\"\/\/www.nocesitaliennes.fr\/wp-content\/uploads\/revslider\/Noces-Italiennes-Wedding-Planner.jpg\" data-no-retina>\n<!---->\t\t\t\t\t<\/rs-slide>\n\t\t\t\t\t\t<rs-slide style=\"position: absolute;\" data-key=\"rs-271\" data-title=\"Pr\u00e9paratifs de la mari\u00e9e\" data-thumb=\"\/\/www.nocesitaliennes.fr\/wp-content\/uploads\/revslider\/Noces-Italiennes-Wedding-Planner-2-1.jpg\" data-anim=\"ms:600;\" data-in=\"o:0;\" data-out=\"a:false;\">\n\t\t\t\t\t\t\t<img decoding=\"async\" src=\"\/\/www.nocesitaliennes.fr\/wp-content\/plugins\/revslider\/sr6\/assets\/assets\/dummy.png\" alt=\"\" title=\"ALI\u00c9NOR ET PASCAL\" class=\"rev-slidebg tp-rs-img rs-lazyload\" data-lazyload=\"\/\/www.nocesitaliennes.fr\/wp-content\/uploads\/revslider\/Noces-Italiennes-Wedding-Planner-2-1.jpg\" data-no-retina>\n<!---->\t\t\t\t\t<\/rs-slide>\n\t\t\t\t\t\t<rs-slide style=\"position: absolute;\" data-key=\"rs-272\" data-title=\"D\u00e9coration pour les mari\u00e9s\" data-thumb=\"\/\/www.nocesitaliennes.fr\/wp-content\/uploads\/revslider\/Noces-Italiennes-Wedding-Planner.jpg776.jpg\" data-anim=\"ms:600;\" data-in=\"o:0;\" data-out=\"a:false;\">\n\t\t\t\t\t\t\t<img decoding=\"async\" src=\"\/\/www.nocesitaliennes.fr\/wp-content\/plugins\/revslider\/sr6\/assets\/assets\/dummy.png\" alt=\"\" title=\"ALI\u00c9NOR ET PASCAL\" class=\"rev-slidebg tp-rs-img rs-lazyload\" data-lazyload=\"\/\/www.nocesitaliennes.fr\/wp-content\/uploads\/revslider\/Noces-Italiennes-Wedding-Planner.jpg776.jpg\" data-no-retina>\n<!---->\t\t\t\t\t<\/rs-slide>\n\t\t\t\t\t\t<rs-slide style=\"position: absolute;\" data-key=\"rs-273\" data-title=\"Sortie du couple mari\u00e9\" data-thumb=\"\/\/www.nocesitaliennes.fr\/wp-content\/uploads\/revslider\/Noces-Italiennes-Wedding-Planner.jpg732.jpg\" data-anim=\"ms:600;\" data-in=\"o:0;\" data-out=\"a:false;\">\n\t\t\t\t\t\t\t<img decoding=\"async\" src=\"\/\/www.nocesitaliennes.fr\/wp-content\/plugins\/revslider\/sr6\/assets\/assets\/dummy.png\" alt=\"\" title=\"ALI\u00c9NOR ET PASCAL\" class=\"rev-slidebg tp-rs-img rs-lazyload\" data-lazyload=\"\/\/www.nocesitaliennes.fr\/wp-content\/uploads\/revslider\/Noces-Italiennes-Wedding-Planner.jpg732.jpg\" data-no-retina>\n<!---->\t\t\t\t\t<\/rs-slide>\n\t\t\t\t\t\t<rs-slide style=\"position: absolute;\" data-key=\"rs-274\" data-title=\"Pr\u00e9paratifs du mari\u00e9\" data-thumb=\"\/\/www.nocesitaliennes.fr\/wp-content\/uploads\/revslider\/Noces-Italiennes-Wedding-Planner.jpg143.jpg\" data-anim=\"ms:600;\" data-in=\"o:0;\" data-out=\"a:false;\">\n\t\t\t\t\t\t\t<img decoding=\"async\" src=\"\/\/www.nocesitaliennes.fr\/wp-content\/plugins\/revslider\/sr6\/assets\/assets\/dummy.png\" alt=\"\" title=\"ALI\u00c9NOR ET PASCAL\" class=\"rev-slidebg tp-rs-img rs-lazyload\" data-lazyload=\"\/\/www.nocesitaliennes.fr\/wp-content\/uploads\/revslider\/Noces-Italiennes-Wedding-Planner.jpg143.jpg\" data-no-retina>\n<!---->\t\t\t\t\t<\/rs-slide>\n\t\t\t\t\t\t<rs-slide style=\"position: absolute;\" data-key=\"rs-275\" data-title=\"Angle de d\u00e9coration fleuri\" data-thumb=\"\/\/www.nocesitaliennes.fr\/wp-content\/uploads\/revslider\/Noces-Italiennes-Wedding-Planner.jpg779.jpg\" data-anim=\"ms:600;\" data-in=\"o:0;\" data-out=\"a:false;\">\n\t\t\t\t\t\t\t<img decoding=\"async\" src=\"\/\/www.nocesitaliennes.fr\/wp-content\/plugins\/revslider\/sr6\/assets\/assets\/dummy.png\" alt=\"\" title=\"ALI\u00c9NOR ET PASCAL\" class=\"rev-slidebg tp-rs-img rs-lazyload\" data-lazyload=\"\/\/www.nocesitaliennes.fr\/wp-content\/uploads\/revslider\/Noces-Italiennes-Wedding-Planner.jpg779.jpg\" data-no-retina>\n<!---->\t\t\t\t\t<\/rs-slide>\n\t\t\t\t\t\t<rs-slide style=\"position: absolute;\" data-key=\"rs-276\" data-title=\"Masseria en Italie\" data-thumb=\"\/\/www.nocesitaliennes.fr\/wp-content\/uploads\/revslider\/Noces-Italiennes-Wedding-Planner.jpg283.jpg\" data-anim=\"ms:600;\" data-in=\"o:0;\" data-out=\"a:false;\">\n\t\t\t\t\t\t\t<img decoding=\"async\" src=\"\/\/www.nocesitaliennes.fr\/wp-content\/plugins\/revslider\/sr6\/assets\/assets\/dummy.png\" alt=\"\" title=\"ALI\u00c9NOR ET PASCAL\" class=\"rev-slidebg tp-rs-img rs-lazyload\" data-lazyload=\"\/\/www.nocesitaliennes.fr\/wp-content\/uploads\/revslider\/Noces-Italiennes-Wedding-Planner.jpg283.jpg\" data-no-retina>\n<!---->\t\t\t\t\t<\/rs-slide>\n\t\t\t\t\t\t<rs-slide style=\"position: absolute;\" data-key=\"rs-277\" data-title=\"Shooting de la mari\u00e9e\" data-thumb=\"\/\/www.nocesitaliennes.fr\/wp-content\/uploads\/revslider\/Noces-Italiennes-Wedding-Planner.jpg446.jpg\" data-anim=\"ms:600;\" data-in=\"o:0;\" data-out=\"a:false;\">\n\t\t\t\t\t\t\t<img decoding=\"async\" src=\"\/\/www.nocesitaliennes.fr\/wp-content\/plugins\/revslider\/sr6\/assets\/assets\/dummy.png\" alt=\"\" title=\"ALI\u00c9NOR ET PASCAL\" class=\"rev-slidebg tp-rs-img rs-lazyload\" data-lazyload=\"\/\/www.nocesitaliennes.fr\/wp-content\/uploads\/revslider\/Noces-Italiennes-Wedding-Planner.jpg446.jpg\" data-no-retina>\n<!---->\t\t\t\t\t<\/rs-slide>\n\t\t\t\t\t\t<rs-slide style=\"position: absolute;\" data-key=\"rs-278\" data-title=\"Descente des marches de la mari\u00e9e\" data-thumb=\"\/\/www.nocesitaliennes.fr\/wp-content\/uploads\/revslider\/Noces-Italiennes-Wedding-Planner.jpg457.jpg\" data-anim=\"ms:600;\" data-in=\"o:0;\" data-out=\"a:false;\">\n\t\t\t\t\t\t\t<img decoding=\"async\" src=\"\/\/www.nocesitaliennes.fr\/wp-content\/plugins\/revslider\/sr6\/assets\/assets\/dummy.png\" alt=\"\" title=\"ALI\u00c9NOR ET PASCAL\" class=\"rev-slidebg tp-rs-img rs-lazyload\" data-lazyload=\"\/\/www.nocesitaliennes.fr\/wp-content\/uploads\/revslider\/Noces-Italiennes-Wedding-Planner.jpg457.jpg\" data-no-retina>\n<!---->\t\t\t\t\t<\/rs-slide>\n\t\t\t\t\t\t<rs-slide style=\"position: absolute;\" data-key=\"rs-279\" data-title=\"Arriv\u00e9e de la mari\u00e9e sur le lieu de mariage\" data-thumb=\"\/\/www.nocesitaliennes.fr\/wp-content\/uploads\/revslider\/Noces-Italiennes-Wedding-Planner.jpg464.jpg\" data-anim=\"ms:600;\" data-in=\"o:0;\" data-out=\"a:false;\">\n\t\t\t\t\t\t\t<img decoding=\"async\" src=\"\/\/www.nocesitaliennes.fr\/wp-content\/plugins\/revslider\/sr6\/assets\/assets\/dummy.png\" alt=\"\" title=\"ALI\u00c9NOR ET PASCAL\" class=\"rev-slidebg tp-rs-img rs-lazyload\" data-lazyload=\"\/\/www.nocesitaliennes.fr\/wp-content\/uploads\/revslider\/Noces-Italiennes-Wedding-Planner.jpg464.jpg\" data-no-retina>\n<!---->\t\t\t\t\t<\/rs-slide>\n\t\t\t\t\t\t<rs-slide style=\"position: absolute;\" data-key=\"rs-280\" data-title=\"Arriv\u00e9e de la mari\u00e9e \u00e0 la mairie\" data-thumb=\"\/\/www.nocesitaliennes.fr\/wp-content\/uploads\/revslider\/Noces-Italiennes-Wedding-Planner.jpg556.jpg\" data-anim=\"ms:600;\" data-in=\"o:0;\" data-out=\"a:false;\">\n\t\t\t\t\t\t\t<img decoding=\"async\" src=\"\/\/www.nocesitaliennes.fr\/wp-content\/plugins\/revslider\/sr6\/assets\/assets\/dummy.png\" alt=\"\" title=\"ALI\u00c9NOR ET PASCAL\" class=\"rev-slidebg tp-rs-img rs-lazyload\" data-lazyload=\"\/\/www.nocesitaliennes.fr\/wp-content\/uploads\/revslider\/Noces-Italiennes-Wedding-Planner.jpg556.jpg\" data-no-retina>\n<!---->\t\t\t\t\t<\/rs-slide>\n\t\t\t\t\t\t<rs-slide style=\"position: absolute;\" data-key=\"rs-281\" data-title=\"Arriv\u00e9e des futurs mari\u00e9s \u00e0 la mairie\" data-thumb=\"\/\/www.nocesitaliennes.fr\/wp-content\/uploads\/revslider\/Noces-Italiennes-Wedding-Planner.jpg580.jpg\" data-anim=\"ms:600;\" data-in=\"o:0;\" data-out=\"a:false;\">\n\t\t\t\t\t\t\t<img decoding=\"async\" src=\"\/\/www.nocesitaliennes.fr\/wp-content\/plugins\/revslider\/sr6\/assets\/assets\/dummy.png\" alt=\"\" title=\"ALI\u00c9NOR ET PASCAL\" class=\"rev-slidebg tp-rs-img rs-lazyload\" data-lazyload=\"\/\/www.nocesitaliennes.fr\/wp-content\/uploads\/revslider\/Noces-Italiennes-Wedding-Planner.jpg580.jpg\" data-no-retina>\n<!---->\t\t\t\t\t<\/rs-slide>\n\t\t\t\t\t\t<rs-slide style=\"position: absolute;\" data-key=\"rs-282\" data-title=\"Entr\u00e9e des futurs mari\u00e9s\" data-thumb=\"\/\/www.nocesitaliennes.fr\/wp-content\/uploads\/revslider\/Noces-Italiennes-Wedding-Planner.jpg600.jpg\" data-anim=\"ms:600;\" data-in=\"o:0;\" data-out=\"a:false;\">\n\t\t\t\t\t\t\t<img decoding=\"async\" src=\"\/\/www.nocesitaliennes.fr\/wp-content\/plugins\/revslider\/sr6\/assets\/assets\/dummy.png\" alt=\"\" title=\"ALI\u00c9NOR ET PASCAL\" class=\"rev-slidebg tp-rs-img rs-lazyload\" data-lazyload=\"\/\/www.nocesitaliennes.fr\/wp-content\/uploads\/revslider\/Noces-Italiennes-Wedding-Planner.jpg600.jpg\" data-no-retina>\n<!---->\t\t\t\t\t<\/rs-slide>\n\t\t\t\t\t\t<rs-slide style=\"position: absolute;\" data-key=\"rs-283\" data-title=\"Sortie des mari\u00e9s de la mairie devant les invit\u00e9s\" data-thumb=\"\/\/www.nocesitaliennes.fr\/wp-content\/uploads\/revslider\/Noces-Italiennes-Wedding-Planner.jpg733.jpg\" data-anim=\"ms:600;\" data-in=\"o:0;\" data-out=\"a:false;\">\n\t\t\t\t\t\t\t<img decoding=\"async\" src=\"\/\/www.nocesitaliennes.fr\/wp-content\/plugins\/revslider\/sr6\/assets\/assets\/dummy.png\" alt=\"\" title=\"ALI\u00c9NOR ET PASCAL\" class=\"rev-slidebg tp-rs-img rs-lazyload\" data-lazyload=\"\/\/www.nocesitaliennes.fr\/wp-content\/uploads\/revslider\/Noces-Italiennes-Wedding-Planner.jpg733.jpg\" data-no-retina>\n<!---->\t\t\t\t\t<\/rs-slide>\n\t\t\t\t\t\t<rs-slide style=\"position: absolute;\" data-key=\"rs-284\" data-title=\"Inspirations et d\u00e9corations du mariage\" data-thumb=\"\/\/www.nocesitaliennes.fr\/wp-content\/uploads\/revslider\/Noces-Italiennes-Wedding-Planner.jpg775.jpg\" data-anim=\"ms:600;\" data-in=\"o:0;\" data-out=\"a:false;\">\n\t\t\t\t\t\t\t<img decoding=\"async\" src=\"\/\/www.nocesitaliennes.fr\/wp-content\/plugins\/revslider\/sr6\/assets\/assets\/dummy.png\" alt=\"\" title=\"ALI\u00c9NOR ET PASCAL\" class=\"rev-slidebg tp-rs-img rs-lazyload\" data-lazyload=\"\/\/www.nocesitaliennes.fr\/wp-content\/uploads\/revslider\/Noces-Italiennes-Wedding-Planner.jpg775.jpg\" data-no-retina>\n<!---->\t\t\t\t\t<\/rs-slide>\n\t\t\t\t\t\t<rs-slide style=\"position: absolute;\" data-key=\"rs-285\" data-title=\"Plan de table du mariage\" data-thumb=\"\/\/www.nocesitaliennes.fr\/wp-content\/uploads\/revslider\/Noces-Italiennes-Wedding-Planner.jpg778.jpg\" data-anim=\"ms:600;\" data-in=\"o:0;\" data-out=\"a:false;\">\n\t\t\t\t\t\t\t<img decoding=\"async\" src=\"\/\/www.nocesitaliennes.fr\/wp-content\/plugins\/revslider\/sr6\/assets\/assets\/dummy.png\" alt=\"\" title=\"ALI\u00c9NOR ET PASCAL\" class=\"rev-slidebg tp-rs-img rs-lazyload\" data-lazyload=\"\/\/www.nocesitaliennes.fr\/wp-content\/uploads\/revslider\/Noces-Italiennes-Wedding-Planner.jpg778.jpg\" data-no-retina>\n<!---->\t\t\t\t\t<\/rs-slide>\n\t\t\t\t\t<\/rs-slides>\n\t\t\t\t<\/rs-module>\n\t\t\t\t<script>\n\t\t\t\t\tsetREVStartSize({c: 'rev_slider_21_1',rl:[1240,1460,785,480],el:[],gw:[1240],gh:[868],type:'standard',justify:'',layout:'fullwidth',mh:\"0\"});if (window.RS_MODULES!==undefined && window.RS_MODULES.modules!==undefined && window.RS_MODULES.modules[\"revslider211\"]!==undefined) {window.RS_MODULES.modules[\"revslider211\"].once = false;window.revapi21 = undefined;if (window.RS_MODULES.checkMinimal!==undefined) window.RS_MODULES.checkMinimal()}\n\t\t\t\t<\/script>\n\t\t\t<\/rs-module-wrap>\n\t\t\t<!-- END REVOLUTION SLIDER -->\n\n<p>Alienor et Pascal se sont dits oui au mois d\u2019avril, en plein c\u0153ur du Printemps, saison id\u00e9ale pour un wedding design frais, color\u00e9 et romantique. Ils ont choisi de s\u2019unir civilement en petit comit\u00e9 et en toute simplicit\u00e9 dans la r\u00e9gion des Pouilles. Leur c\u00e9r\u00e9monie civile c\u00e9l\u00e9br\u00e9e dans une mairie de la r\u00e9gion a permis d\u2019officialiser l\u00e9galement leur mariage avec la pr\u00e9sence de notre wedding planner en qualit\u00e9 d\u2019interpr\u00e8te. Alienor et Pascal, exemple de sinc\u00e9rit\u00e9 ont transport\u00e9 leurs familles et amis dans une ambiance joviale et festive \u00e0 l\u2019italienne.<\/p>\n","protected":false},"excerpt":{"rendered":"<p>Intimit\u00e9 &#038; convivialit\u00e9<\/p>\n","protected":false},"author":3,"featured_media":35853,"comment_status":"closed","ping_status":"closed","template":"","cpt_portfolio_group":[390],"class_list":["post-39646","cpt_portfolio","type-cpt_portfolio","status-publish","has-post-thumbnail","hentry","cpt_portfolio_group-portfolio-mariages-intimes"],"acf":[],"yoast_head":"<!-- This site is optimized with the Yoast SEO plugin v27.5 - https:\/\/yoast.com\/product\/yoast-seo-wordpress\/ -->\n<title>ALI\u00c9NOR ET PASCAL | Noces Italiennes<\/title>\n<meta name=\"robots\" content=\"index, follow, max-snippet:-1, max-image-preview:large, max-video-preview:-1\" \/>\n<link rel=\"canonical\" href=\"https:\/\/www.nocesitaliennes.fr\/fr\/mariage\/alienor-pascal\/\" \/>\n<meta property=\"og:locale\" content=\"fr_FR\" \/>\n<meta property=\"og:type\" content=\"article\" \/>\n<meta property=\"og:title\" content=\"ALI\u00c9NOR ET PASCAL | Noces Italiennes\" \/>\n<meta property=\"og:description\" content=\"Intimit\u00e9 &amp; convivialit\u00e9\" \/>\n<meta property=\"og:url\" content=\"https:\/\/www.nocesitaliennes.fr\/fr\/mariage\/alienor-pascal\/\" \/>\n<meta property=\"og:site_name\" content=\"Noces Italiennes\" \/>\n<meta property=\"article:modified_time\" content=\"2025-06-30T16:39:47+00:00\" \/>\n<meta property=\"og:image\" content=\"https:\/\/www.nocesitaliennes.fr\/wp-content\/uploads\/2025\/04\/Noces-Italiennes-Wedding-Planner775.jpg\" \/>\n\t<meta property=\"og:image:width\" content=\"1200\" \/>\n\t<meta property=\"og:image:height\" content=\"800\" \/>\n\t<meta property=\"og:image:type\" content=\"image\/jpeg\" \/>\n<meta name=\"twitter:card\" content=\"summary_large_image\" \/>\n<meta name=\"twitter:label1\" content=\"Dur\u00e9e de lecture estim\u00e9e\" \/>\n\t<meta name=\"twitter:data1\" content=\"1 minute\" \/>\n<script type=\"application\/ld+json\" class=\"yoast-schema-graph\">{\"@context\":\"https:\\\/\\\/schema.org\",\"@graph\":[{\"@type\":\"WebPage\",\"@id\":\"https:\\\/\\\/www.nocesitaliennes.fr\\\/fr\\\/mariage\\\/alienor-pascal\\\/\",\"url\":\"https:\\\/\\\/www.nocesitaliennes.fr\\\/fr\\\/mariage\\\/alienor-pascal\\\/\",\"name\":\"ALI\u00c9NOR ET PASCAL | Noces Italiennes\",\"isPartOf\":{\"@id\":\"https:\\\/\\\/www.nocesitaliennes.fr\\\/fr\\\/#website\"},\"primaryImageOfPage\":{\"@id\":\"https:\\\/\\\/www.nocesitaliennes.fr\\\/fr\\\/mariage\\\/alienor-pascal\\\/#primaryimage\"},\"image\":{\"@id\":\"https:\\\/\\\/www.nocesitaliennes.fr\\\/fr\\\/mariage\\\/alienor-pascal\\\/#primaryimage\"},\"thumbnailUrl\":\"https:\\\/\\\/www.nocesitaliennes.fr\\\/wp-content\\\/uploads\\\/2025\\\/04\\\/Noces-Italiennes-Wedding-Planner775.jpg\",\"datePublished\":\"2025-04-25T17:13:16+00:00\",\"dateModified\":\"2025-06-30T16:39:47+00:00\",\"breadcrumb\":{\"@id\":\"https:\\\/\\\/www.nocesitaliennes.fr\\\/fr\\\/mariage\\\/alienor-pascal\\\/#breadcrumb\"},\"inLanguage\":\"fr-FR\",\"potentialAction\":[{\"@type\":\"ReadAction\",\"target\":[\"https:\\\/\\\/www.nocesitaliennes.fr\\\/fr\\\/mariage\\\/alienor-pascal\\\/\"]}]},{\"@type\":\"ImageObject\",\"inLanguage\":\"fr-FR\",\"@id\":\"https:\\\/\\\/www.nocesitaliennes.fr\\\/fr\\\/mariage\\\/alienor-pascal\\\/#primaryimage\",\"url\":\"https:\\\/\\\/www.nocesitaliennes.fr\\\/wp-content\\\/uploads\\\/2025\\\/04\\\/Noces-Italiennes-Wedding-Planner775.jpg\",\"contentUrl\":\"https:\\\/\\\/www.nocesitaliennes.fr\\\/wp-content\\\/uploads\\\/2025\\\/04\\\/Noces-Italiennes-Wedding-Planner775.jpg\",\"width\":1200,\"height\":800},{\"@type\":\"BreadcrumbList\",\"@id\":\"https:\\\/\\\/www.nocesitaliennes.fr\\\/fr\\\/mariage\\\/alienor-pascal\\\/#breadcrumb\",\"itemListElement\":[{\"@type\":\"ListItem\",\"position\":1,\"name\":\"Home\",\"item\":\"https:\\\/\\\/www.nocesitaliennes.fr\\\/fr\\\/\"},{\"@type\":\"ListItem\",\"position\":2,\"name\":\"Portfolio\",\"item\":\"https:\\\/\\\/www.nocesitaliennes.fr\\\/fr\\\/mariage\\\/\"},{\"@type\":\"ListItem\",\"position\":3,\"name\":\"ALI\u00c9NOR ET PASCAL\"}]},{\"@type\":\"WebSite\",\"@id\":\"https:\\\/\\\/www.nocesitaliennes.fr\\\/fr\\\/#website\",\"url\":\"https:\\\/\\\/www.nocesitaliennes.fr\\\/fr\\\/\",\"name\":\"Noces Italiennes\",\"description\":\"Organisation de mariages en Italie et en Corse\",\"publisher\":{\"@id\":\"https:\\\/\\\/www.nocesitaliennes.fr\\\/fr\\\/#organization\"},\"potentialAction\":[{\"@type\":\"SearchAction\",\"target\":{\"@type\":\"EntryPoint\",\"urlTemplate\":\"https:\\\/\\\/www.nocesitaliennes.fr\\\/fr\\\/?s={search_term_string}\"},\"query-input\":{\"@type\":\"PropertyValueSpecification\",\"valueRequired\":true,\"valueName\":\"search_term_string\"}}],\"inLanguage\":\"fr-FR\"},{\"@type\":\"Organization\",\"@id\":\"https:\\\/\\\/www.nocesitaliennes.fr\\\/fr\\\/#organization\",\"name\":\"Noces Italiennes\",\"url\":\"https:\\\/\\\/www.nocesitaliennes.fr\\\/fr\\\/\",\"logo\":{\"@type\":\"ImageObject\",\"inLanguage\":\"fr-FR\",\"@id\":\"https:\\\/\\\/www.nocesitaliennes.fr\\\/fr\\\/#\\\/schema\\\/logo\\\/image\\\/\",\"url\":\"https:\\\/\\\/www.nocesitaliennes.fr\\\/wp-content\\\/uploads\\\/2023\\\/05\\\/noces_italiennes_logo.svg\",\"contentUrl\":\"https:\\\/\\\/www.nocesitaliennes.fr\\\/wp-content\\\/uploads\\\/2023\\\/05\\\/noces_italiennes_logo.svg\",\"width\":418,\"height\":110,\"caption\":\"Noces Italiennes\"},\"image\":{\"@id\":\"https:\\\/\\\/www.nocesitaliennes.fr\\\/fr\\\/#\\\/schema\\\/logo\\\/image\\\/\"}}]}<\/script>\n<!-- \/ Yoast SEO plugin. -->","yoast_head_json":{"title":"ALI\u00c9NOR ET PASCAL | Noces Italiennes","robots":{"index":"index","follow":"follow","max-snippet":"max-snippet:-1","max-image-preview":"max-image-preview:large","max-video-preview":"max-video-preview:-1"},"canonical":"https:\/\/www.nocesitaliennes.fr\/fr\/mariage\/alienor-pascal\/","og_locale":"fr_FR","og_type":"article","og_title":"ALI\u00c9NOR ET PASCAL | Noces Italiennes","og_description":"Intimit\u00e9 & convivialit\u00e9","og_url":"https:\/\/www.nocesitaliennes.fr\/fr\/mariage\/alienor-pascal\/","og_site_name":"Noces Italiennes","article_modified_time":"2025-06-30T16:39:47+00:00","og_image":[{"width":1200,"height":800,"url":"https:\/\/www.nocesitaliennes.fr\/wp-content\/uploads\/2025\/04\/Noces-Italiennes-Wedding-Planner775.jpg","type":"image\/jpeg"}],"twitter_card":"summary_large_image","twitter_misc":{"Dur\u00e9e de lecture estim\u00e9e":"1 minute"},"schema":{"@context":"https:\/\/schema.org","@graph":[{"@type":"WebPage","@id":"https:\/\/www.nocesitaliennes.fr\/fr\/mariage\/alienor-pascal\/","url":"https:\/\/www.nocesitaliennes.fr\/fr\/mariage\/alienor-pascal\/","name":"ALI\u00c9NOR ET PASCAL | Noces Italiennes","isPartOf":{"@id":"https:\/\/www.nocesitaliennes.fr\/fr\/#website"},"primaryImageOfPage":{"@id":"https:\/\/www.nocesitaliennes.fr\/fr\/mariage\/alienor-pascal\/#primaryimage"},"image":{"@id":"https:\/\/www.nocesitaliennes.fr\/fr\/mariage\/alienor-pascal\/#primaryimage"},"thumbnailUrl":"https:\/\/www.nocesitaliennes.fr\/wp-content\/uploads\/2025\/04\/Noces-Italiennes-Wedding-Planner775.jpg","datePublished":"2025-04-25T17:13:16+00:00","dateModified":"2025-06-30T16:39:47+00:00","breadcrumb":{"@id":"https:\/\/www.nocesitaliennes.fr\/fr\/mariage\/alienor-pascal\/#breadcrumb"},"inLanguage":"fr-FR","potentialAction":[{"@type":"ReadAction","target":["https:\/\/www.nocesitaliennes.fr\/fr\/mariage\/alienor-pascal\/"]}]},{"@type":"ImageObject","inLanguage":"fr-FR","@id":"https:\/\/www.nocesitaliennes.fr\/fr\/mariage\/alienor-pascal\/#primaryimage","url":"https:\/\/www.nocesitaliennes.fr\/wp-content\/uploads\/2025\/04\/Noces-Italiennes-Wedding-Planner775.jpg","contentUrl":"https:\/\/www.nocesitaliennes.fr\/wp-content\/uploads\/2025\/04\/Noces-Italiennes-Wedding-Planner775.jpg","width":1200,"height":800},{"@type":"BreadcrumbList","@id":"https:\/\/www.nocesitaliennes.fr\/fr\/mariage\/alienor-pascal\/#breadcrumb","itemListElement":[{"@type":"ListItem","position":1,"name":"Home","item":"https:\/\/www.nocesitaliennes.fr\/fr\/"},{"@type":"ListItem","position":2,"name":"Portfolio","item":"https:\/\/www.nocesitaliennes.fr\/fr\/mariage\/"},{"@type":"ListItem","position":3,"name":"ALI\u00c9NOR ET PASCAL"}]},{"@type":"WebSite","@id":"https:\/\/www.nocesitaliennes.fr\/fr\/#website","url":"https:\/\/www.nocesitaliennes.fr\/fr\/","name":"Noces Italiennes","description":"Organisation de mariages en Italie et en Corse","publisher":{"@id":"https:\/\/www.nocesitaliennes.fr\/fr\/#organization"},"potentialAction":[{"@type":"SearchAction","target":{"@type":"EntryPoint","urlTemplate":"https:\/\/www.nocesitaliennes.fr\/fr\/?s={search_term_string}"},"query-input":{"@type":"PropertyValueSpecification","valueRequired":true,"valueName":"search_term_string"}}],"inLanguage":"fr-FR"},{"@type":"Organization","@id":"https:\/\/www.nocesitaliennes.fr\/fr\/#organization","name":"Noces Italiennes","url":"https:\/\/www.nocesitaliennes.fr\/fr\/","logo":{"@type":"ImageObject","inLanguage":"fr-FR","@id":"https:\/\/www.nocesitaliennes.fr\/fr\/#\/schema\/logo\/image\/","url":"https:\/\/www.nocesitaliennes.fr\/wp-content\/uploads\/2023\/05\/noces_italiennes_logo.svg","contentUrl":"https:\/\/www.nocesitaliennes.fr\/wp-content\/uploads\/2023\/05\/noces_italiennes_logo.svg","width":418,"height":110,"caption":"Noces Italiennes"},"image":{"@id":"https:\/\/www.nocesitaliennes.fr\/fr\/#\/schema\/logo\/image\/"}}]}},"_links":{"self":[{"href":"https:\/\/www.nocesitaliennes.fr\/fr\/wp-json\/wp\/v2\/cpt_portfolio\/39646","targetHints":{"allow":["GET"]}}],"collection":[{"href":"https:\/\/www.nocesitaliennes.fr\/fr\/wp-json\/wp\/v2\/cpt_portfolio"}],"about":[{"href":"https:\/\/www.nocesitaliennes.fr\/fr\/wp-json\/wp\/v2\/types\/cpt_portfolio"}],"author":[{"embeddable":true,"href":"https:\/\/www.nocesitaliennes.fr\/fr\/wp-json\/wp\/v2\/users\/3"}],"replies":[{"embeddable":true,"href":"https:\/\/www.nocesitaliennes.fr\/fr\/wp-json\/wp\/v2\/comments?post=39646"}],"version-history":[{"count":1,"href":"https:\/\/www.nocesitaliennes.fr\/fr\/wp-json\/wp\/v2\/cpt_portfolio\/39646\/revisions"}],"predecessor-version":[{"id":41520,"href":"https:\/\/www.nocesitaliennes.fr\/fr\/wp-json\/wp\/v2\/cpt_portfolio\/39646\/revisions\/41520"}],"wp:featuredmedia":[{"embeddable":true,"href":"https:\/\/www.nocesitaliennes.fr\/fr\/wp-json\/wp\/v2\/media\/35853"}],"wp:attachment":[{"href":"https:\/\/www.nocesitaliennes.fr\/fr\/wp-json\/wp\/v2\/media?parent=39646"}],"wp:term":[{"taxonomy":"cpt_portfolio_group","embeddable":true,"href":"https:\/\/www.nocesitaliennes.fr\/fr\/wp-json\/wp\/v2\/cpt_portfolio_group?post=39646"}],"curies":[{"name":"wp","href":"https:\/\/api.w.org\/{rel}","templated":true}]}}