{"id":39591,"date":"2018-01-14T17:03:35","date_gmt":"2018-01-14T17:03:35","guid":{"rendered":"https:\/\/www.nocesitaliennes.fr\/portfolio\/arnaud-et-sabrina\/"},"modified":"2025-06-19T10:20:13","modified_gmt":"2025-06-19T10:20:13","slug":"mariage-intime-en-italie-arnaud-et-sabrina","status":"publish","type":"cpt_portfolio","link":"https:\/\/www.nocesitaliennes.fr\/fr\/mariage\/mariage-intime-en-italie-arnaud-et-sabrina\/","title":{"rendered":"ARNAUD ET SABRINA"},"content":{"rendered":"\n\t\t\t<!-- START Arnaud et Sabrina REVOLUTION SLIDER 6.7.31 --><p class=\"rs-p-wp-fix\"><\/p>\n\t\t\t<rs-module-wrap id=\"rev_slider_72_1_wrapper\" data-source=\"gallery\" style=\"visibility:hidden;background:transparent;padding:0;margin:0px auto;margin-top:0;margin-bottom:0;\">\n\t\t\t\t<rs-module id=\"rev_slider_72_1\" style=\"\" data-version=\"6.7.31\">\n\t\t\t\t\t<rs-slides style=\"overflow: hidden; position: absolute;\">\n\t\t\t\t\t\t<rs-slide style=\"position: absolute;\" data-key=\"rs-1245\" data-title=\"Slide\" data-thumb=\"\/\/www.nocesitaliennes.fr\/wp-content\/uploads\/revslider\/Copy-of-A_A_0071.jpg\" data-in=\"o:0;\" data-out=\"a:false;\">\n\t\t\t\t\t\t\t<img decoding=\"async\" src=\"\/\/www.nocesitaliennes.fr\/wp-content\/plugins\/revslider\/sr6\/assets\/assets\/dummy.png\" alt=\"\" title=\"ARNAUD ET SABRINA\" class=\"rev-slidebg tp-rs-img rs-lazyload\" data-lazyload=\"\/\/www.nocesitaliennes.fr\/wp-content\/uploads\/revslider\/Copy-of-A_A_0071.jpg\" data-no-retina>\n<!---->\t\t\t\t\t<\/rs-slide>\n\t\t\t\t\t\t<rs-slide style=\"position: absolute;\" data-key=\"rs-1246\" data-title=\"Slide\" data-thumb=\"\/\/www.nocesitaliennes.fr\/wp-content\/uploads\/revslider\/Copy-of-A_A_0099.jpg\" data-in=\"o:0;\" data-out=\"a:false;\">\n\t\t\t\t\t\t\t<img decoding=\"async\" src=\"\/\/www.nocesitaliennes.fr\/wp-content\/plugins\/revslider\/sr6\/assets\/assets\/dummy.png\" alt=\"\" title=\"ARNAUD ET SABRINA\" class=\"rev-slidebg tp-rs-img rs-lazyload\" data-lazyload=\"\/\/www.nocesitaliennes.fr\/wp-content\/uploads\/revslider\/Copy-of-A_A_0099.jpg\" data-no-retina>\n<!---->\t\t\t\t\t<\/rs-slide>\n\t\t\t\t\t\t<rs-slide style=\"position: absolute;\" data-key=\"rs-1247\" data-title=\"Slide\" data-thumb=\"\/\/www.nocesitaliennes.fr\/wp-content\/uploads\/revslider\/Copy-of-A_A_0074-1.jpg\" data-in=\"o:0;\" data-out=\"a:false;\">\n\t\t\t\t\t\t\t<img decoding=\"async\" src=\"\/\/www.nocesitaliennes.fr\/wp-content\/plugins\/revslider\/sr6\/assets\/assets\/dummy.png\" alt=\"\" title=\"ARNAUD ET SABRINA\" class=\"rev-slidebg tp-rs-img rs-lazyload\" data-lazyload=\"\/\/www.nocesitaliennes.fr\/wp-content\/uploads\/revslider\/Copy-of-A_A_0074-1.jpg\" data-no-retina>\n<!---->\t\t\t\t\t<\/rs-slide>\n\t\t\t\t\t\t<rs-slide style=\"position: absolute;\" data-key=\"rs-1249\" data-title=\"Slide\" data-thumb=\"\/\/www.nocesitaliennes.fr\/wp-content\/uploads\/revslider\/Copy-of-A_A_0327.jpg\" data-anim=\"ms:600;\" data-in=\"o:0;\" data-out=\"a:false;\">\n\t\t\t\t\t\t\t<img decoding=\"async\" src=\"\/\/www.nocesitaliennes.fr\/wp-content\/plugins\/revslider\/sr6\/assets\/assets\/dummy.png\" alt=\"\" title=\"ARNAUD ET SABRINA\" class=\"rev-slidebg tp-rs-img rs-lazyload\" data-lazyload=\"\/\/www.nocesitaliennes.fr\/wp-content\/uploads\/revslider\/Copy-of-A_A_0327.jpg\" data-no-retina>\n<!---->\t\t\t\t\t<\/rs-slide>\n\t\t\t\t\t\t<rs-slide style=\"position: absolute;\" data-key=\"rs-1250\" data-title=\"Slide\" data-thumb=\"\/\/www.nocesitaliennes.fr\/wp-content\/uploads\/revslider\/Copy-of-A_A_0473.jpg\" data-in=\"o:0;\" data-out=\"a:false;\">\n\t\t\t\t\t\t\t<img decoding=\"async\" src=\"\/\/www.nocesitaliennes.fr\/wp-content\/plugins\/revslider\/sr6\/assets\/assets\/dummy.png\" alt=\"\" title=\"ARNAUD ET SABRINA\" class=\"rev-slidebg tp-rs-img rs-lazyload\" data-lazyload=\"\/\/www.nocesitaliennes.fr\/wp-content\/uploads\/revslider\/Copy-of-A_A_0473.jpg\" data-no-retina>\n<!---->\t\t\t\t\t<\/rs-slide>\n\t\t\t\t\t\t<rs-slide style=\"position: absolute;\" data-key=\"rs-1251\" data-title=\"Slide\" data-thumb=\"\/\/www.nocesitaliennes.fr\/wp-content\/uploads\/revslider\/Copy-of-A_A_0410.jpg\" data-anim=\"ms:600;\" data-in=\"o:0;\" data-out=\"a:false;\">\n\t\t\t\t\t\t\t<img decoding=\"async\" src=\"\/\/www.nocesitaliennes.fr\/wp-content\/plugins\/revslider\/sr6\/assets\/assets\/dummy.png\" alt=\"\" title=\"ARNAUD ET SABRINA\" class=\"rev-slidebg tp-rs-img rs-lazyload\" data-lazyload=\"\/\/www.nocesitaliennes.fr\/wp-content\/uploads\/revslider\/Copy-of-A_A_0410.jpg\" data-no-retina>\n<!---->\t\t\t\t\t<\/rs-slide>\n\t\t\t\t\t\t<rs-slide style=\"position: absolute;\" data-key=\"rs-1252\" data-title=\"Slide\" data-thumb=\"\/\/www.nocesitaliennes.fr\/wp-content\/uploads\/revslider\/Copy-of-A_A_0488.jpg\" data-anim=\"ms:600;\" data-in=\"o:0;\" data-out=\"a:false;\">\n\t\t\t\t\t\t\t<img decoding=\"async\" src=\"\/\/www.nocesitaliennes.fr\/wp-content\/plugins\/revslider\/sr6\/assets\/assets\/dummy.png\" alt=\"\" title=\"ARNAUD ET SABRINA\" class=\"rev-slidebg tp-rs-img rs-lazyload\" data-lazyload=\"\/\/www.nocesitaliennes.fr\/wp-content\/uploads\/revslider\/Copy-of-A_A_0488.jpg\" data-no-retina>\n<!---->\t\t\t\t\t<\/rs-slide>\n\t\t\t\t\t\t<rs-slide style=\"position: absolute;\" data-key=\"rs-1253\" data-title=\"Slide\" data-thumb=\"\/\/www.nocesitaliennes.fr\/wp-content\/uploads\/revslider\/Copy-of-A_A_0480.jpg\" data-in=\"o:0;\" data-out=\"a:false;\">\n\t\t\t\t\t\t\t<img decoding=\"async\" src=\"\/\/www.nocesitaliennes.fr\/wp-content\/plugins\/revslider\/sr6\/assets\/assets\/dummy.png\" alt=\"\" title=\"ARNAUD ET SABRINA\" class=\"rev-slidebg tp-rs-img rs-lazyload\" data-lazyload=\"\/\/www.nocesitaliennes.fr\/wp-content\/uploads\/revslider\/Copy-of-A_A_0480.jpg\" data-no-retina>\n<!---->\t\t\t\t\t<\/rs-slide>\n\t\t\t\t\t<\/rs-slides>\n\t\t\t\t<\/rs-module>\n\t\t\t\t<script>\n\t\t\t\t\tsetREVStartSize({c: 'rev_slider_72_1',rl:[1240,1460,785,480],el:[868],gw:[1240],gh:[868],type:'standard',justify:'',layout:'fullwidth',mh:\"0\"});if (window.RS_MODULES!==undefined && window.RS_MODULES.modules!==undefined && window.RS_MODULES.modules[\"revslider721\"]!==undefined) {window.RS_MODULES.modules[\"revslider721\"].once = false;window.revapi72 = undefined;if (window.RS_MODULES.checkMinimal!==undefined) window.RS_MODULES.checkMinimal()}\n\t\t\t\t<\/script>\n\t\t\t<\/rs-module-wrap>\n\t\t\t<!-- END REVOLUTION SLIDER -->\n\n<p>Certains couples vous touchent particuli\u00e8rement. C\u2019est le cas d\u2019Arnaud et Sabrina. Ils ont souhait\u00e9 c\u00e9l\u00e9brer leur mariage civil en Italie en toute intimit\u00e9, pour exprimer tendrement leur amour. Pour ce moment hors du commun, ils ont choisi une c\u00e9r\u00e9monie en bord de mer ! Bien que les noces aient eu lieu au mois de janvier, le soleil les a accompagn\u00e9s tout au long de cet \u00e9v\u00e9nement, couronnant le tout par une sublime lumi\u00e8re.<\/p>\n","protected":false},"excerpt":{"rendered":"<p>Mariage sous un soleil d&rsquo;hiver<\/p>\n","protected":false},"author":2,"featured_media":35785,"comment_status":"closed","ping_status":"closed","template":"","cpt_portfolio_group":[390],"class_list":["post-39591","cpt_portfolio","type-cpt_portfolio","status-publish","has-post-thumbnail","hentry","cpt_portfolio_group-portfolio-mariages-intimes"],"acf":[],"yoast_head":"<!-- This site is optimized with the Yoast SEO plugin v27.5 - https:\/\/yoast.com\/product\/yoast-seo-wordpress\/ -->\n<title>ARNAUD ET SABRINA | Noces Italiennes<\/title>\n<meta name=\"robots\" content=\"index, follow, max-snippet:-1, max-image-preview:large, max-video-preview:-1\" \/>\n<link rel=\"canonical\" href=\"https:\/\/www.nocesitaliennes.fr\/fr\/mariage\/mariage-intime-en-italie-arnaud-et-sabrina\/\" \/>\n<meta property=\"og:locale\" content=\"fr_FR\" \/>\n<meta property=\"og:type\" content=\"article\" \/>\n<meta property=\"og:title\" content=\"ARNAUD ET SABRINA | Noces Italiennes\" \/>\n<meta property=\"og:description\" content=\"Mariage sous un soleil d&#039;hiver\" \/>\n<meta property=\"og:url\" content=\"https:\/\/www.nocesitaliennes.fr\/fr\/mariage\/mariage-intime-en-italie-arnaud-et-sabrina\/\" \/>\n<meta property=\"og:site_name\" content=\"Noces Italiennes\" \/>\n<meta property=\"article:modified_time\" content=\"2025-06-19T10:20:13+00:00\" \/>\n<meta property=\"og:image\" content=\"https:\/\/www.nocesitaliennes.fr\/wp-content\/uploads\/2025\/04\/Copy-of-A_A_0374.jpg\" \/>\n\t<meta property=\"og:image:width\" content=\"1200\" \/>\n\t<meta property=\"og:image:height\" content=\"800\" \/>\n\t<meta property=\"og:image:type\" content=\"image\/jpeg\" \/>\n<meta name=\"twitter:card\" content=\"summary_large_image\" \/>\n<script type=\"application\/ld+json\" class=\"yoast-schema-graph\">{\"@context\":\"https:\\\/\\\/schema.org\",\"@graph\":[{\"@type\":\"WebPage\",\"@id\":\"https:\\\/\\\/www.nocesitaliennes.fr\\\/fr\\\/mariage\\\/mariage-intime-en-italie-arnaud-et-sabrina\\\/\",\"url\":\"https:\\\/\\\/www.nocesitaliennes.fr\\\/fr\\\/mariage\\\/mariage-intime-en-italie-arnaud-et-sabrina\\\/\",\"name\":\"ARNAUD ET SABRINA | Noces Italiennes\",\"isPartOf\":{\"@id\":\"https:\\\/\\\/www.nocesitaliennes.fr\\\/fr\\\/#website\"},\"primaryImageOfPage\":{\"@id\":\"https:\\\/\\\/www.nocesitaliennes.fr\\\/fr\\\/mariage\\\/mariage-intime-en-italie-arnaud-et-sabrina\\\/#primaryimage\"},\"image\":{\"@id\":\"https:\\\/\\\/www.nocesitaliennes.fr\\\/fr\\\/mariage\\\/mariage-intime-en-italie-arnaud-et-sabrina\\\/#primaryimage\"},\"thumbnailUrl\":\"https:\\\/\\\/www.nocesitaliennes.fr\\\/wp-content\\\/uploads\\\/2025\\\/04\\\/Copy-of-A_A_0374.jpg\",\"datePublished\":\"2018-01-14T17:03:35+00:00\",\"dateModified\":\"2025-06-19T10:20:13+00:00\",\"breadcrumb\":{\"@id\":\"https:\\\/\\\/www.nocesitaliennes.fr\\\/fr\\\/mariage\\\/mariage-intime-en-italie-arnaud-et-sabrina\\\/#breadcrumb\"},\"inLanguage\":\"fr-FR\",\"potentialAction\":[{\"@type\":\"ReadAction\",\"target\":[\"https:\\\/\\\/www.nocesitaliennes.fr\\\/fr\\\/mariage\\\/mariage-intime-en-italie-arnaud-et-sabrina\\\/\"]}]},{\"@type\":\"ImageObject\",\"inLanguage\":\"fr-FR\",\"@id\":\"https:\\\/\\\/www.nocesitaliennes.fr\\\/fr\\\/mariage\\\/mariage-intime-en-italie-arnaud-et-sabrina\\\/#primaryimage\",\"url\":\"https:\\\/\\\/www.nocesitaliennes.fr\\\/wp-content\\\/uploads\\\/2025\\\/04\\\/Copy-of-A_A_0374.jpg\",\"contentUrl\":\"https:\\\/\\\/www.nocesitaliennes.fr\\\/wp-content\\\/uploads\\\/2025\\\/04\\\/Copy-of-A_A_0374.jpg\",\"width\":1200,\"height\":800},{\"@type\":\"BreadcrumbList\",\"@id\":\"https:\\\/\\\/www.nocesitaliennes.fr\\\/fr\\\/mariage\\\/mariage-intime-en-italie-arnaud-et-sabrina\\\/#breadcrumb\",\"itemListElement\":[{\"@type\":\"ListItem\",\"position\":1,\"name\":\"Home\",\"item\":\"https:\\\/\\\/www.nocesitaliennes.fr\\\/fr\\\/\"},{\"@type\":\"ListItem\",\"position\":2,\"name\":\"Portfolio\",\"item\":\"https:\\\/\\\/www.nocesitaliennes.fr\\\/fr\\\/mariage\\\/\"},{\"@type\":\"ListItem\",\"position\":3,\"name\":\"ARNAUD ET SABRINA\"}]},{\"@type\":\"WebSite\",\"@id\":\"https:\\\/\\\/www.nocesitaliennes.fr\\\/fr\\\/#website\",\"url\":\"https:\\\/\\\/www.nocesitaliennes.fr\\\/fr\\\/\",\"name\":\"Noces Italiennes\",\"description\":\"Organisation de mariages en Italie et en Corse\",\"publisher\":{\"@id\":\"https:\\\/\\\/www.nocesitaliennes.fr\\\/fr\\\/#organization\"},\"potentialAction\":[{\"@type\":\"SearchAction\",\"target\":{\"@type\":\"EntryPoint\",\"urlTemplate\":\"https:\\\/\\\/www.nocesitaliennes.fr\\\/fr\\\/?s={search_term_string}\"},\"query-input\":{\"@type\":\"PropertyValueSpecification\",\"valueRequired\":true,\"valueName\":\"search_term_string\"}}],\"inLanguage\":\"fr-FR\"},{\"@type\":\"Organization\",\"@id\":\"https:\\\/\\\/www.nocesitaliennes.fr\\\/fr\\\/#organization\",\"name\":\"Noces Italiennes\",\"url\":\"https:\\\/\\\/www.nocesitaliennes.fr\\\/fr\\\/\",\"logo\":{\"@type\":\"ImageObject\",\"inLanguage\":\"fr-FR\",\"@id\":\"https:\\\/\\\/www.nocesitaliennes.fr\\\/fr\\\/#\\\/schema\\\/logo\\\/image\\\/\",\"url\":\"https:\\\/\\\/www.nocesitaliennes.fr\\\/wp-content\\\/uploads\\\/2023\\\/05\\\/noces_italiennes_logo.svg\",\"contentUrl\":\"https:\\\/\\\/www.nocesitaliennes.fr\\\/wp-content\\\/uploads\\\/2023\\\/05\\\/noces_italiennes_logo.svg\",\"width\":418,\"height\":110,\"caption\":\"Noces Italiennes\"},\"image\":{\"@id\":\"https:\\\/\\\/www.nocesitaliennes.fr\\\/fr\\\/#\\\/schema\\\/logo\\\/image\\\/\"}}]}<\/script>\n<!-- \/ Yoast SEO plugin. -->","yoast_head_json":{"title":"ARNAUD ET SABRINA | Noces Italiennes","robots":{"index":"index","follow":"follow","max-snippet":"max-snippet:-1","max-image-preview":"max-image-preview:large","max-video-preview":"max-video-preview:-1"},"canonical":"https:\/\/www.nocesitaliennes.fr\/fr\/mariage\/mariage-intime-en-italie-arnaud-et-sabrina\/","og_locale":"fr_FR","og_type":"article","og_title":"ARNAUD ET SABRINA | Noces Italiennes","og_description":"Mariage sous un soleil d'hiver","og_url":"https:\/\/www.nocesitaliennes.fr\/fr\/mariage\/mariage-intime-en-italie-arnaud-et-sabrina\/","og_site_name":"Noces Italiennes","article_modified_time":"2025-06-19T10:20:13+00:00","og_image":[{"width":1200,"height":800,"url":"https:\/\/www.nocesitaliennes.fr\/wp-content\/uploads\/2025\/04\/Copy-of-A_A_0374.jpg","type":"image\/jpeg"}],"twitter_card":"summary_large_image","schema":{"@context":"https:\/\/schema.org","@graph":[{"@type":"WebPage","@id":"https:\/\/www.nocesitaliennes.fr\/fr\/mariage\/mariage-intime-en-italie-arnaud-et-sabrina\/","url":"https:\/\/www.nocesitaliennes.fr\/fr\/mariage\/mariage-intime-en-italie-arnaud-et-sabrina\/","name":"ARNAUD ET SABRINA | Noces Italiennes","isPartOf":{"@id":"https:\/\/www.nocesitaliennes.fr\/fr\/#website"},"primaryImageOfPage":{"@id":"https:\/\/www.nocesitaliennes.fr\/fr\/mariage\/mariage-intime-en-italie-arnaud-et-sabrina\/#primaryimage"},"image":{"@id":"https:\/\/www.nocesitaliennes.fr\/fr\/mariage\/mariage-intime-en-italie-arnaud-et-sabrina\/#primaryimage"},"thumbnailUrl":"https:\/\/www.nocesitaliennes.fr\/wp-content\/uploads\/2025\/04\/Copy-of-A_A_0374.jpg","datePublished":"2018-01-14T17:03:35+00:00","dateModified":"2025-06-19T10:20:13+00:00","breadcrumb":{"@id":"https:\/\/www.nocesitaliennes.fr\/fr\/mariage\/mariage-intime-en-italie-arnaud-et-sabrina\/#breadcrumb"},"inLanguage":"fr-FR","potentialAction":[{"@type":"ReadAction","target":["https:\/\/www.nocesitaliennes.fr\/fr\/mariage\/mariage-intime-en-italie-arnaud-et-sabrina\/"]}]},{"@type":"ImageObject","inLanguage":"fr-FR","@id":"https:\/\/www.nocesitaliennes.fr\/fr\/mariage\/mariage-intime-en-italie-arnaud-et-sabrina\/#primaryimage","url":"https:\/\/www.nocesitaliennes.fr\/wp-content\/uploads\/2025\/04\/Copy-of-A_A_0374.jpg","contentUrl":"https:\/\/www.nocesitaliennes.fr\/wp-content\/uploads\/2025\/04\/Copy-of-A_A_0374.jpg","width":1200,"height":800},{"@type":"BreadcrumbList","@id":"https:\/\/www.nocesitaliennes.fr\/fr\/mariage\/mariage-intime-en-italie-arnaud-et-sabrina\/#breadcrumb","itemListElement":[{"@type":"ListItem","position":1,"name":"Home","item":"https:\/\/www.nocesitaliennes.fr\/fr\/"},{"@type":"ListItem","position":2,"name":"Portfolio","item":"https:\/\/www.nocesitaliennes.fr\/fr\/mariage\/"},{"@type":"ListItem","position":3,"name":"ARNAUD ET SABRINA"}]},{"@type":"WebSite","@id":"https:\/\/www.nocesitaliennes.fr\/fr\/#website","url":"https:\/\/www.nocesitaliennes.fr\/fr\/","name":"Noces Italiennes","description":"Organisation de mariages en Italie et en Corse","publisher":{"@id":"https:\/\/www.nocesitaliennes.fr\/fr\/#organization"},"potentialAction":[{"@type":"SearchAction","target":{"@type":"EntryPoint","urlTemplate":"https:\/\/www.nocesitaliennes.fr\/fr\/?s={search_term_string}"},"query-input":{"@type":"PropertyValueSpecification","valueRequired":true,"valueName":"search_term_string"}}],"inLanguage":"fr-FR"},{"@type":"Organization","@id":"https:\/\/www.nocesitaliennes.fr\/fr\/#organization","name":"Noces Italiennes","url":"https:\/\/www.nocesitaliennes.fr\/fr\/","logo":{"@type":"ImageObject","inLanguage":"fr-FR","@id":"https:\/\/www.nocesitaliennes.fr\/fr\/#\/schema\/logo\/image\/","url":"https:\/\/www.nocesitaliennes.fr\/wp-content\/uploads\/2023\/05\/noces_italiennes_logo.svg","contentUrl":"https:\/\/www.nocesitaliennes.fr\/wp-content\/uploads\/2023\/05\/noces_italiennes_logo.svg","width":418,"height":110,"caption":"Noces Italiennes"},"image":{"@id":"https:\/\/www.nocesitaliennes.fr\/fr\/#\/schema\/logo\/image\/"}}]}},"_links":{"self":[{"href":"https:\/\/www.nocesitaliennes.fr\/fr\/wp-json\/wp\/v2\/cpt_portfolio\/39591","targetHints":{"allow":["GET"]}}],"collection":[{"href":"https:\/\/www.nocesitaliennes.fr\/fr\/wp-json\/wp\/v2\/cpt_portfolio"}],"about":[{"href":"https:\/\/www.nocesitaliennes.fr\/fr\/wp-json\/wp\/v2\/types\/cpt_portfolio"}],"author":[{"embeddable":true,"href":"https:\/\/www.nocesitaliennes.fr\/fr\/wp-json\/wp\/v2\/users\/2"}],"replies":[{"embeddable":true,"href":"https:\/\/www.nocesitaliennes.fr\/fr\/wp-json\/wp\/v2\/comments?post=39591"}],"version-history":[{"count":1,"href":"https:\/\/www.nocesitaliennes.fr\/fr\/wp-json\/wp\/v2\/cpt_portfolio\/39591\/revisions"}],"predecessor-version":[{"id":41525,"href":"https:\/\/www.nocesitaliennes.fr\/fr\/wp-json\/wp\/v2\/cpt_portfolio\/39591\/revisions\/41525"}],"wp:featuredmedia":[{"embeddable":true,"href":"https:\/\/www.nocesitaliennes.fr\/fr\/wp-json\/wp\/v2\/media\/35785"}],"wp:attachment":[{"href":"https:\/\/www.nocesitaliennes.fr\/fr\/wp-json\/wp\/v2\/media?parent=39591"}],"wp:term":[{"taxonomy":"cpt_portfolio_group","embeddable":true,"href":"https:\/\/www.nocesitaliennes.fr\/fr\/wp-json\/wp\/v2\/cpt_portfolio_group?post=39591"}],"curies":[{"name":"wp","href":"https:\/\/api.w.org\/{rel}","templated":true}]}}